{"id":32394,"date":"2024-05-06T10:34:15","date_gmt":"2024-05-06T08:34:15","guid":{"rendered":"https:\/\/www.mycampermarket.com\/?post_type=annonces&#038;p=32394"},"modified":"2024-05-06T10:34:15","modified_gmt":"2024-05-06T08:34:15","slug":"camping-car-profile-eura-mobil-alko-fiat-32394","status":"publish","type":"annonces","link":"https:\/\/www.mycampermarket.com\/de\/annonces\/camping-car-profile-eura-mobil-alko-fiat-32394\/","title":{"rendered":"Teilintegriertes Wohnmobil Eura Mobil Alko Fiat"},"content":{"rendered":"<p>0 Infiltration, K\u00fchlschrank Trimix Heizung Warmwasser Truma Gas, WC, Dusche, autark 240A Batterien 2 Solarpanele, bei minus 5 bleiben die Batterien voll. Getriebe \u00fcberholt, Kupplung Neu Steuerriemen auch. Neue Scheiben und Bremsbel\u00e4ge, WC Markisen und Fliegengitter einwandfrei, Dusche getrennt von WC und Waschbecken, Chassis Alko K\u00e4lteschutz. Neue Markise mit Trennw\u00e4nden Vorzelt. Fotos auf Anfrage <\/p>","protected":false},"excerpt":{"rendered":"<p>0 Infiltration, K\u00fchlschrank Trimix Warmwasserheizung Truma Gas, WC, Dusche, autark 240A Batterien 2 Solarmodule, bei minus 5 bleiben die Batterien voll. Getriebe \u00fcberholt, Kupplung Neu Dist<\/p>","protected":false},"author":484,"featured_media":32389,"template":"","meta":{"_seopress_titles_title":"Camping-car profil\u00e9 Eura Mobil 2002 \u2013 21 500 \u20ac","_seopress_titles_desc":"Camping-car profil\u00e9 Eura Mobil 2002, 128 ch diesel, 195 000 km, autonome solaire, 21 500 \u20ac.","_seopress_robots_index":"","_seopress_robots_follow":"","_seopress_robots_imageindex":"","_seopress_robots_snippet":"","_seopress_robots_primary_cat":"","_seopress_robots_breadcrumbs":"","_seopress_robots_freeze_modified_date":"","_seopress_robots_custom_modified_date":"","_seopress_robots_canonical":"","_seopress_social_fb_title":"","_seopress_social_fb_desc":"","_seopress_social_fb_img":"","_seopress_social_fb_img_attachment_id":0,"_seopress_social_fb_img_width":0,"_seopress_social_fb_img_height":0,"_seopress_social_twitter_title":"","_seopress_social_twitter_desc":"","_seopress_social_twitter_img":"","_seopress_social_twitter_img_attachment_id":0,"_seopress_social_twitter_img_width":0,"_seopress_social_twitter_img_height":0,"_seopress_redirections_value":"","_seopress_redirections_enabled":"","_seopress_redirections_enabled_regex":"","_seopress_redirections_logged_status":"","_seopress_redirections_param":"","_seopress_redirections_type":0,"_seopress_analysis_target_kw":"","_seopress_news_disabled":"","_seopress_video_disabled":"","_seopress_video":[],"_seopress_pro_schemas_manual":[],"_seopress_pro_rich_snippets_disable_all":"","_seopress_pro_rich_snippets_disable":[],"_seopress_pro_schemas":[],"dmedia_modele":"Alko","dmedia_modele_marque":"ducato 2.8jtd","dmedia_genre":"Occasion","dmedia_prix":"21500","dmedia_dev":"EUR","dmedia_kilometrage":195000,"dmedia_cylindree":2800,"type_de_carburant":"Diesel","dmedia_boite-de-vitesses":"Boite manuelle","dmedia_motricite":"Traction avant","dmedia_puissance":"128","dmedia_imatriculation":"1020374553","dmedia_annee":2002,"dmedia_expertise":"1701987753","dmedia_longueur":6300,"dmedia_largeur":2300,"dmedia_hauteur":2850,"dmedia_poid_vide":3100,"dmedia_poid_total":3500,"dmedia_n_place":4,"dmedia_n_couch":4,"dmedia_npa_ville":"5670","dmedia_premium":7,"dmedia_site_ext":"","dmedia_video":"","dmedia_infos":"","dmedia_interlocuteur":"a. philippe","dmedia_tel_contact":"","dmedia_internet":"","dmedia_dte_top":"1714984623","dmedia_dte_top_start":"","dmedia_dte_top_end":"","dmedia_dte_delete":"","dmedia_info_delete":"","dmedia_meta_des":"Camping car profil\u00e9 Occasion - Eura Mobil Alko Fiat - - #mycampermarket #annonces #Camping car profil\u00e9 #Eura Mobil #Fiat #","dmedia_dte_pay":"","dmedia_dte_rap":"","dmedia_etape":8,"dmedia_lgs":"fr","dmedia_annonce_info_lgs":"","dmedia_annonce_info_fr":"","dmedia_annonce_info_ia":"","dmedia_galimage_public":"32389,32390,32391,32392,32393","dmedia_galimage":"32389,32390,32391,32392,32393","dmedia_opt_visibilite":0,"dmedia_opt_expo":0,"dmedia_opt_speed":0,"dmedia_opt_social":0},"type-de-vehicule":[5],"localisation":[331,341],"constructeur":[470],"marque":[53],"equipement-cellule":[23,25,28,27,29,31],"equipement-vehicule":[15,17,18,47,48,49],"type-de-lit":[],"type-annonces":[45],"class_list":["post-32394","annonces","type-annonces","status-publish","has-post-thumbnail","hentry","type-de-vehicule-camping-car-profile","localisation-belgique","localisation-namur-wna","constructeur-eura-mobil","marque-fiat","equipement-cellule-chauffage-au-gaz","equipement-cellule-cuisiniere-a-gaz","equipement-cellule-douche","equipement-cellule-frigo","equipement-cellule-installation-solaire","equipement-cellule-wc-electrique","equipement-vehicule-abs","equipement-vehicule-aide-au-parcage","equipement-vehicule-attelage","equipement-vehicule-camera-de-recul","equipement-vehicule-direction-assistee","equipement-vehicule-leve-vitre-electrique","type-annonces-particulier"],"_links":{"self":[{"href":"https:\/\/www.mycampermarket.com\/de\/wp-json\/wp\/v2\/annonces\/32394","targetHints":{"allow":["GET"]}}],"collection":[{"href":"https:\/\/www.mycampermarket.com\/de\/wp-json\/wp\/v2\/annonces"}],"about":[{"href":"https:\/\/www.mycampermarket.com\/de\/wp-json\/wp\/v2\/types\/annonces"}],"author":[{"embeddable":true,"href":"https:\/\/www.mycampermarket.com\/de\/wp-json\/wp\/v2\/users\/484"}],"wp:featuredmedia":[{"embeddable":true,"href":"https:\/\/www.mycampermarket.com\/de\/wp-json\/wp\/v2\/media\/32389"}],"wp:attachment":[{"href":"https:\/\/www.mycampermarket.com\/de\/wp-json\/wp\/v2\/media?parent=32394"}],"wp:term":[{"taxonomy":"type-de-vehicule","embeddable":true,"href":"https:\/\/www.mycampermarket.com\/de\/wp-json\/wp\/v2\/type-de-vehicule?post=32394"},{"taxonomy":"localisation","embeddable":true,"href":"https:\/\/www.mycampermarket.com\/de\/wp-json\/wp\/v2\/localisation?post=32394"},{"taxonomy":"constructeur","embeddable":true,"href":"https:\/\/www.mycampermarket.com\/de\/wp-json\/wp\/v2\/constructeur?post=32394"},{"taxonomy":"marque","embeddable":true,"href":"https:\/\/www.mycampermarket.com\/de\/wp-json\/wp\/v2\/marque?post=32394"},{"taxonomy":"equipement-cellule","embeddable":true,"href":"https:\/\/www.mycampermarket.com\/de\/wp-json\/wp\/v2\/equipement-cellule?post=32394"},{"taxonomy":"equipement-vehicule","embeddable":true,"href":"https:\/\/www.mycampermarket.com\/de\/wp-json\/wp\/v2\/equipement-vehicule?post=32394"},{"taxonomy":"type-de-lit","embeddable":true,"href":"https:\/\/www.mycampermarket.com\/de\/wp-json\/wp\/v2\/type-de-lit?post=32394"},{"taxonomy":"type-annonces","embeddable":true,"href":"https:\/\/www.mycampermarket.com\/de\/wp-json\/wp\/v2\/type-annonces?post=32394"}],"curies":[{"name":"wp","href":"https:\/\/api.w.org\/{rel}","templated":true}]}}