{"id":49539,"date":"2026-03-10T18:41:01","date_gmt":"2026-03-10T17:41:01","guid":{"rendered":"https:\/\/www.mycampermarket.com\/?post_type=annonces&#038;p=49539"},"modified":"2026-03-11T10:52:46","modified_gmt":"2026-03-11T09:52:46","slug":"camping-car-integral-eura-mobil-integra-line-655eb-fiat-49539","status":"publish","type":"annonces","link":"https:\/\/www.mycampermarket.com\/it\/annonces\/camping-car-integral-eura-mobil-integra-line-655eb-fiat-49539\/","title":{"rendered":"Camper integrale Eura Mobil INTEGRA LINE 655EB Fiat"},"content":{"rendered":"","protected":false},"excerpt":{"rendered":"","protected":false},"author":1589,"featured_media":49636,"template":"","meta":{"_seopress_titles_title":"Eura Mobil Integra Line 655EB 2018 \u2013 22 500 km \u2013 59 990 \u20ac","_seopress_titles_desc":"Eura Mobil Integra Line 655EB 2018, 150ch, bo\u00eete auto, 22 500 km. Deux lits individuels, garage. 59 990 \u20ac.","_seopress_robots_index":"","_seopress_robots_follow":"","_seopress_robots_imageindex":"","_seopress_robots_snippet":"","_seopress_robots_primary_cat":"","_seopress_robots_breadcrumbs":"","_seopress_robots_freeze_modified_date":"","_seopress_robots_custom_modified_date":"","_seopress_robots_canonical":"","_seopress_social_fb_title":"","_seopress_social_fb_desc":"","_seopress_social_fb_img":"","_seopress_social_fb_img_attachment_id":0,"_seopress_social_fb_img_width":0,"_seopress_social_fb_img_height":0,"_seopress_social_twitter_title":"","_seopress_social_twitter_desc":"","_seopress_social_twitter_img":"","_seopress_social_twitter_img_attachment_id":0,"_seopress_social_twitter_img_width":0,"_seopress_social_twitter_img_height":0,"_seopress_redirections_value":"","_seopress_redirections_enabled":"","_seopress_redirections_enabled_regex":"","_seopress_redirections_logged_status":"","_seopress_redirections_param":"","_seopress_redirections_type":0,"_seopress_analysis_target_kw":"","_seopress_news_disabled":"","_seopress_video_disabled":"","_seopress_video":[],"_seopress_pro_schemas_manual":[],"_seopress_pro_rich_snippets_disable_all":"","_seopress_pro_rich_snippets_disable":[],"_seopress_pro_schemas":[],"dmedia_modele":"INTEGRA LINE 655EB","dmedia_modele_marque":"Fiat Ducato 2.3l 150cv","dmedia_genre":"Occasion","dmedia_prix":"59990","dmedia_dev":"EUR","dmedia_kilometrage":22500,"dmedia_cylindree":2300,"type_de_carburant":"Diesel","dmedia_boite-de-vitesses":"Automatique","dmedia_motricite":"Traction avant","dmedia_puissance":"150","dmedia_imatriculation":"1514934000","dmedia_annee":2018,"dmedia_expertise":"1769382000","dmedia_longueur":6990,"dmedia_largeur":2320,"dmedia_hauteur":2880,"dmedia_poid_vide":2970,"dmedia_poid_total":0,"dmedia_n_place":4,"dmedia_n_couch":5,"dmedia_npa_ville":"6660 Houffalize","dmedia_premium":7,"dmedia_site_ext":"","dmedia_video":"","dmedia_infos":"","dmedia_interlocuteur":"Guy","dmedia_tel_contact":"+ 32 495 52 83 49","dmedia_internet":"","dmedia_dte_top":"1773829608","dmedia_dte_top_start":"1773224808","dmedia_dte_top_end":"1773829608","dmedia_dte_delete":"","dmedia_info_delete":"","dmedia_meta_des":"","dmedia_dte_pay":"","dmedia_dte_rap":"","dmedia_etape":8,"dmedia_lgs":"fr","dmedia_annonce_info_lgs":"","dmedia_annonce_info_fr":"EURA MOBIL INTEGRA LINE 655 EB\t\t\r\n\t\t\t\r\nConfiguration\tLibell\u00e9\tDescriptif\tType\r\n\tEura Mobil\tIntegra Line\t6 m 99\r\n\t\t\t\r\nLe plan d'implantation est caract\u00e9ris\u00e9e par deux lits individuels avec 1,95m et 1,90m de longueur. \t\t\t\r\nSous les lits il y a une armoire et un grand garage. Un autre armoire est en face du lit .\t\t\t\r\nLit suppl\u00e9mentaire entre les deux lits individuels sur le garage\t\t\t\r\n\t\t\t\r\n\t\t\t\r\n\t\t\t\r\n\t\t\t\r\n\t\t\t\r\n\t\t\t\r\n\t\t\t\r\n\t\t\t\r\n\t\t\t\r\n\t\t\t\r\n\t\t\t\r\n\t\t\t\r\n\t\t\t\r\n\t\t\t\r\nMod\u00e8le\t\tFiat Ducato 3,5 To\t\r\nMotorisation\t\t2,3 litres\t\r\nPuissance de s\u00e9rie\t\t96 KW  \/  130 CV\t\r\nMotorisation en option\t\t2,3 litres\t\r\nPuissance en option\t\t150 CV  \/  180 CV\t\r\nPoid total en charge\t\t3.500 Kg  \/  4.500 Kg\t\r\nPoid \u00e0 vide en ordre de marche\t\t2.970 Kg\t\r\nPoid total avec charge tractable\t\t5.500  \/  6050 Kg\t\r\nPoids tractable (PTAR \u00e0 respecter)\t\t2.000  \/  1.800 Kg\t\r\nCharge \u00e0 l'essieu max arri\u00e8re\t\t2.000  \/  2.400 Kg\t\r\nLongueur hors tout\t\t6m99\t\r\nLargeur hors tout\t\t2m32\t\r\nHauteur hors tous y inclus lucarnes\t\t2m88\t\r\nLargeur int\u00e9rieure\t\t2m17\t\r\nHauteur sous plafond\t\t1m97\t\r\nHauteur double plancher\t\t0m10\t\r\nEmpattement\t\t4m035\t\r\nPneuumatique\t215\/70 R15C\t225\/75 R16C\t\r\nDinette avant\t\t1m15 x 1m05\t\r\nDimensions lits arri\u00e8res\t1m95 x 0m80\t1m90 x om80\t\r\nDimention lit pavillon\t\t1m50 x 1m85\t\r\nPlaces carte grise \t\t4\t\r\nPlaces de couchage\t\t4 + 1\t\r\nEpaiseur mur\t\t30mm\t\r\nEpaiseur toit\t\t30mm\t\r\nEpaiseur sol\t\t38mm\t\r\nDimensions porte de garage (lxh) Av G\t\t850 x 1155\t\r\nDimensions porte de garage (lxh) Av G en option\t\t650 x 800\t\r\nR\u00e9servoir d'eau fraiche\t\t140 ltr.\t\r\nCapacit\u00e9 d'eau fraiche en route\t\t25  ltr\t\r\nR\u00e9servoire d'eau uss\u00e9es\t\t100 ltr\t\r\nCoffre \u00e0 gaz\t\t2 x 11 kgs\t\r\nAutonomie de la batterie\t\t1  X 80 AH Gel\t\r\n\t\t\t\r\nPrestige Paket Int\u00e9gral Line\tClimatisation automatique\t\t\r\n\tSi\u00e8ge pilote r\u00e9glable en hauteur\t\t\r\n\tGPS\t\t\r\n\tCam\u00e9ra de recul double t\u00eate\t\t\r\n\tR\u00e9gulateur  \/ limitateur de vitesse\t\t\r\n\tVolant cuir avec commande au volant\t\t\r\n\tTapis de sol cabine\t\t\r\n\tSi\u00e8ge avec soutien lombaire\t\t\r\n\tSyst\u00e8me de contr\u00f4le de la pression des pneus\t\t\r\n\t\t\t\r\nMondialPaket Int\u00e9gra Line\t\t\t\r\n\tVerouillage central cellule + fermeture porte en 2 points\t\t\r\n\t\t\t\r\nConfort-Pack\tCabine avec climatisation\t\t\r\n\tSupport lombaire\t\t\r\n\tSi\u00e8ge pilote r\u00e9glabe en hauteur\t\t\r\n\tMoniteur avec cam\u00e9ra de recul\t\t\r\n\tR\u00e9gulateur de vitesse avec limiteur\t\t\r\n\tContr\u00f4le de la pression des pneus\t\t\r\n\tTapis dans la cabine du conducteur\t\t\r\n\t\t\t\r\nStyling-Pack\tLumi\u00e8re du jour LED\t\t\r\n\tFeux de brouillard\t\t\r\n\tLumi\u00e8re de virage\t\t\r\n\tjante en alliage 16\"\t\t\r\n\tPanneau de commande chrom\u00e9\t\t\r\n\tGarniture toit Heki\t\t\r\n\tPorte avec verrouillage centralis\u00e9\t\t\r\n\tMoustiquaire\t\t\r\n\t\t\t\r\nOptions\t150 Ch supl\u00e8ment par rapport au moteur 130 Ch\t\t\r\n\tOption chassis de 3 To 500 vers 3 To 850 avec ressort renforc\u00e9\t\t\r\n\tRessort d'essieu avant renforc\u00e9s\t\t\r\n\tBoite \u00e0 vitesse automatique\t\t\r\n\tAuvent 4,5 m m\u00e9canique\t\t\r\n\tChauffage \u00e0 eau chaude Alde\u00a0\t\t\r\n\thaut-parleur (2) dans la cellule\t\t\r\n\tSupport mural \u00e0 \u00e9cran plat (incluant la pr\u00e9paration TV et la prise 12 V\t\t\r\n\tVentilation des toilettes (SOG)\t\t\r\n\tDuo Control CS sur le r\u00e9servoir GAZ\t\t\r\n\t2\u00b0 Batterie gel 80 Ah\t\t\r\n\tsyst\u00e8me solaire 2x90 Watt\t\t\r\n\tHotte\u00a0aspirante\t\t\r\n\tSyst\u00e8me de satellites automatic + TV\t\t\r\n\t\t\t\r\nOptions\tKit 2 bouteilles LPG Remplissage exterieur\t\t\r\n\t2 clefs cod\u00e9es suppl\u00e9mentaires\t\t\r\n\tM\u00e9ta Trak + localisation\t\t\r\n","dmedia_annonce_info_ia":"","dmedia_galimage_public":"49636,49637,49638,49639,49640,49641,49642,49643,49644,49645,49646,49647,49648,49649","dmedia_galimage":"49636,49637,49638,49639,49640,49641,49642,49643,49644,49645,49646,49647,49648,49649","dmedia_opt_visibilite":2,"dmedia_opt_expo":2,"dmedia_opt_speed":2,"dmedia_opt_social":2},"type-de-vehicule":[65],"localisation":[331,340],"constructeur":[470],"marque":[53],"equipement-cellule":[23,25,28,27,29,30],"equipement-vehicule":[15,19,47,46,48,49,51,50,22,21],"type-de-lit":[1013,1012],"type-annonces":[45],"class_list":["post-49539","annonces","type-annonces","status-publish","has-post-thumbnail","hentry","type-de-vehicule-camping-car-integral","localisation-belgique","localisation-luxembourg-wlx","constructeur-eura-mobil","marque-fiat","equipement-cellule-chauffage-au-gaz","equipement-cellule-cuisiniere-a-gaz","equipement-cellule-douche","equipement-cellule-frigo","equipement-cellule-installation-solaire","equipement-cellule-wc-chimique","equipement-vehicule-abs","equipement-vehicule-airbag-cote-conducteur","equipement-vehicule-camera-de-recul","equipement-vehicule-climatisation","equipement-vehicule-direction-assistee","equipement-vehicule-leve-vitre-electrique","equipement-vehicule-phares-antibrouillard","equipement-vehicule-regulateur-de-vitesse","equipement-vehicule-systeme-dalarme","equipement-vehicule-verrouillage-central","type-de-lit-lit-escamotable","type-de-lit-lit-transversal","type-annonces-particulier"],"_links":{"self":[{"href":"https:\/\/www.mycampermarket.com\/it\/wp-json\/wp\/v2\/annonces\/49539","targetHints":{"allow":["GET"]}}],"collection":[{"href":"https:\/\/www.mycampermarket.com\/it\/wp-json\/wp\/v2\/annonces"}],"about":[{"href":"https:\/\/www.mycampermarket.com\/it\/wp-json\/wp\/v2\/types\/annonces"}],"author":[{"embeddable":true,"href":"https:\/\/www.mycampermarket.com\/it\/wp-json\/wp\/v2\/users\/1589"}],"wp:featuredmedia":[{"embeddable":true,"href":"https:\/\/www.mycampermarket.com\/it\/wp-json\/wp\/v2\/media\/49636"}],"wp:attachment":[{"href":"https:\/\/www.mycampermarket.com\/it\/wp-json\/wp\/v2\/media?parent=49539"}],"wp:term":[{"taxonomy":"type-de-vehicule","embeddable":true,"href":"https:\/\/www.mycampermarket.com\/it\/wp-json\/wp\/v2\/type-de-vehicule?post=49539"},{"taxonomy":"localisation","embeddable":true,"href":"https:\/\/www.mycampermarket.com\/it\/wp-json\/wp\/v2\/localisation?post=49539"},{"taxonomy":"constructeur","embeddable":true,"href":"https:\/\/www.mycampermarket.com\/it\/wp-json\/wp\/v2\/constructeur?post=49539"},{"taxonomy":"marque","embeddable":true,"href":"https:\/\/www.mycampermarket.com\/it\/wp-json\/wp\/v2\/marque?post=49539"},{"taxonomy":"equipement-cellule","embeddable":true,"href":"https:\/\/www.mycampermarket.com\/it\/wp-json\/wp\/v2\/equipement-cellule?post=49539"},{"taxonomy":"equipement-vehicule","embeddable":true,"href":"https:\/\/www.mycampermarket.com\/it\/wp-json\/wp\/v2\/equipement-vehicule?post=49539"},{"taxonomy":"type-de-lit","embeddable":true,"href":"https:\/\/www.mycampermarket.com\/it\/wp-json\/wp\/v2\/type-de-lit?post=49539"},{"taxonomy":"type-annonces","embeddable":true,"href":"https:\/\/www.mycampermarket.com\/it\/wp-json\/wp\/v2\/type-annonces?post=49539"}],"curies":[{"name":"wp","href":"https:\/\/api.w.org\/{rel}","templated":true}]}}