{"id":93274,"date":"2026-08-31T17:52:06","date_gmt":"2026-08-31T15:52:06","guid":{"rendered":"https:\/\/www.mycampermarket.com\/?post_type=annonces&#038;p=93274"},"modified":"2026-08-31T17:52:06","modified_gmt":"2026-08-31T15:52:06","slug":"van-amenage-jumpy-citroen-93274","status":"publish","type":"annonces","link":"https:\/\/www.mycampermarket.com\/it\/annonces\/van-amenage-jumpy-citroen-93274\/","title":{"rendered":"van camperizzato Jumpy Citro\u00ebn"},"content":{"rendered":"","protected":false},"excerpt":{"rendered":"","protected":false},"author":2312,"featured_media":93278,"template":"","meta":{"_seopress_titles_title":"Van am\u00e9nag\u00e9 Citro\u00ebn Jumpy 2021 \u2013 60 000 km \u2013 21 000 \u20ac","_seopress_titles_desc":"Van am\u00e9nag\u00e9 Citro\u00ebn Jumpy 2021, 2.0 HDI 150 CV, 60 459 km, am\u00e9nagement pro 2 couchages. 21 000 \u20ac.","_seopress_robots_index":"","_seopress_robots_follow":"","_seopress_robots_imageindex":"","_seopress_robots_snippet":"","_seopress_robots_primary_cat":"","_seopress_robots_breadcrumbs":"","_seopress_robots_freeze_modified_date":"","_seopress_robots_custom_modified_date":"","_seopress_robots_canonical":"","_seopress_social_fb_title":"","_seopress_social_fb_desc":"","_seopress_social_fb_img":"","_seopress_social_fb_img_attachment_id":0,"_seopress_social_fb_img_width":0,"_seopress_social_fb_img_height":0,"_seopress_social_twitter_title":"","_seopress_social_twitter_desc":"","_seopress_social_twitter_img":"","_seopress_social_twitter_img_attachment_id":0,"_seopress_social_twitter_img_width":0,"_seopress_social_twitter_img_height":0,"_seopress_redirections_value":"","_seopress_redirections_enabled":"","_seopress_redirections_enabled_regex":"","_seopress_redirections_logged_status":"","_seopress_redirections_param":"","_seopress_redirections_type":0,"_seopress_analysis_target_kw":"","_seopress_news_disabled":"","_seopress_video_disabled":"","_seopress_video":[],"_seopress_pro_schemas_manual":[],"_seopress_pro_rich_snippets_disable_all":"","_seopress_pro_rich_snippets_disable":[],"_seopress_pro_schemas":[],"dmedia_modele":"Jumpy","dmedia_modele_marque":"","dmedia_genre":"Occasion","dmedia_prix":"21000","dmedia_dev":"EUR","dmedia_kilometrage":60459,"dmedia_cylindree":0,"type_de_carburant":"","dmedia_boite-de-vitesses":"","dmedia_motricite":"","dmedia_puissance":"","dmedia_imatriculation":"1628121600","dmedia_annee":2021,"dmedia_expertise":"1775260800","dmedia_longueur":0,"dmedia_largeur":0,"dmedia_hauteur":0,"dmedia_poid_vide":0,"dmedia_poid_total":0,"dmedia_n_place":0,"dmedia_n_couch":0,"dmedia_npa_ville":"5000 Namur","dmedia_premium":7,"dmedia_site_ext":"","dmedia_video":"","dmedia_infos":"","dmedia_interlocuteur":"","dmedia_tel_contact":"","dmedia_internet":"","dmedia_dte_top":"1788803526","dmedia_dte_top_start":"1788198726","dmedia_dte_top_end":"1788803526","dmedia_dte_delete":"","dmedia_info_delete":"","dmedia_meta_des":"","dmedia_dte_pay":"","dmedia_dte_rap":"","dmedia_etape":8,"dmedia_lgs":"fr","dmedia_annonce_info_lgs":"","dmedia_annonce_info_fr":"Van am\u00e9nag\u00e9 Citro\u00ebn Jumpy (chassis long) 2.0 Cc 150 CV norme europ\u00e9enne 6d, 5.3 m de lonf : am\u00e9nag\u00e9 et isol\u00e9 avec soin par un professionnel (WEST VAN Belgique) pour 2 couchages :\n\n60 000 kms\n\nMoteur 2.0HDI 150 CV (7L\/100 kms)\n\nId\u00e9al pour un we prolong\u00e9 ou pour une sortie avec v\u00e9los (attache-remorque)\n\nLe v\u00e9hicule fait moins de 2 m de haut avec les \u00e9quipements suivants:\n\nun auvent Fiama 45S,\n\nsyst\u00e8me de douchette ext\u00e9rieure.\n\nL'int\u00e9rieur du v\u00e9hicule propose deux couchages (lit peigne de 140 cm, id\u00e9al pour 2 personnes de 180 cm max\n\nUne tablette int\u00e9rieure sur pied\n\nUne lucarne avec ouverture, moustiquaire et obturateur\n\nA\u00e9rations basse et haute\n\nWC chimique\n\nfrigo chargeur sur secteur, allume-cigare\n\nTable ext\u00e9rieure et 2 fauteuils, le tout pliable (utilis\u00e9s)\n\ntapis de sol\n\n\nBatterie 600 w suppl (chargeur sur secteur, allume-cigare, panneau photovolta\u00efque\n\nV\u00e9hicule en parfait \u00e9tat (juste une petite griffe sur pare-choc avant et un l\u00e9ger renfoncement porte arri\u00e8re droite \u00e0 peine visible \u00e0 retirer ais\u00e9ment avec ventouse en carrosserie.\n\nToujours entretenu avec soin (factures et carnet)\n\nPas de hors piste\n\nCourroie de distribution : \u00e0 changer tous les 200.000 kms oiu tous les 10 ans\n\nV\u00e9hicule ultra agr\u00e9able \u00e0 conduire\n\nEntre 6.9 et 7.2 l \/100 kms.\n\nCT OK jsq avril 2027\n\nImmatricul\u00e9 comme utilitaire mais pourrait \u00eatre requalifi\u00e9 et homologu\u00e9 en cat\u00e9gorie M puisque am\u00e9nag\u00e9 par un professionnel (Voir Transformer un v\u00e9hicule en autocaravane sur site Spw mobilit\u00e9)\n\nJ'irai chercher un car pass si amateur s\u00e9rieux se manifeste\n\nCe v\u00e9hicule n'a pas le confort d'un (tr\u00e8s cher) camping car mais peut offrir de vrais moments de plaisir.","dmedia_annonce_info_ia":"","dmedia_galimage_public":"93278,93279,93277,93275,93280,93285,93282,93283,93284,93281,93286","dmedia_galimage":"93278,93279,93277,93275,93280,93285,93282,93283,93284,93281,93286","dmedia_opt_visibilite":2,"dmedia_opt_expo":2,"dmedia_opt_speed":2,"dmedia_opt_social":2},"type-de-vehicule":[8],"localisation":[331,341],"constructeur":[],"marque":[54],"equipement-cellule":[],"equipement-vehicule":[],"type-de-lit":[],"type-annonces":[],"class_list":["post-93274","annonces","type-annonces","status-publish","has-post-thumbnail","hentry","type-de-vehicule-van","localisation-belgique","localisation-namur-wna","marque-citroen"],"_links":{"self":[{"href":"https:\/\/www.mycampermarket.com\/it\/wp-json\/wp\/v2\/annonces\/93274","targetHints":{"allow":["GET"]}}],"collection":[{"href":"https:\/\/www.mycampermarket.com\/it\/wp-json\/wp\/v2\/annonces"}],"about":[{"href":"https:\/\/www.mycampermarket.com\/it\/wp-json\/wp\/v2\/types\/annonces"}],"author":[{"embeddable":true,"href":"https:\/\/www.mycampermarket.com\/it\/wp-json\/wp\/v2\/users\/2312"}],"wp:featuredmedia":[{"embeddable":true,"href":"https:\/\/www.mycampermarket.com\/it\/wp-json\/wp\/v2\/media\/93278"}],"wp:attachment":[{"href":"https:\/\/www.mycampermarket.com\/it\/wp-json\/wp\/v2\/media?parent=93274"}],"wp:term":[{"taxonomy":"type-de-vehicule","embeddable":true,"href":"https:\/\/www.mycampermarket.com\/it\/wp-json\/wp\/v2\/type-de-vehicule?post=93274"},{"taxonomy":"localisation","embeddable":true,"href":"https:\/\/www.mycampermarket.com\/it\/wp-json\/wp\/v2\/localisation?post=93274"},{"taxonomy":"constructeur","embeddable":true,"href":"https:\/\/www.mycampermarket.com\/it\/wp-json\/wp\/v2\/constructeur?post=93274"},{"taxonomy":"marque","embeddable":true,"href":"https:\/\/www.mycampermarket.com\/it\/wp-json\/wp\/v2\/marque?post=93274"},{"taxonomy":"equipement-cellule","embeddable":true,"href":"https:\/\/www.mycampermarket.com\/it\/wp-json\/wp\/v2\/equipement-cellule?post=93274"},{"taxonomy":"equipement-vehicule","embeddable":true,"href":"https:\/\/www.mycampermarket.com\/it\/wp-json\/wp\/v2\/equipement-vehicule?post=93274"},{"taxonomy":"type-de-lit","embeddable":true,"href":"https:\/\/www.mycampermarket.com\/it\/wp-json\/wp\/v2\/type-de-lit?post=93274"},{"taxonomy":"type-annonces","embeddable":true,"href":"https:\/\/www.mycampermarket.com\/it\/wp-json\/wp\/v2\/type-annonces?post=93274"}],"curies":[{"name":"wp","href":"https:\/\/api.w.org\/{rel}","templated":true}]}}