{"id":94013,"date":"2026-09-03T01:24:11","date_gmt":"2026-09-02T23:24:11","guid":{"rendered":"https:\/\/www.mycampermarket.com\/?post_type=annonces&#038;p=94013"},"modified":"2026-09-03T01:24:11","modified_gmt":"2026-09-02T23:24:11","slug":"camping-car-profile-benimar-tessoro-481-ford-94013","status":"publish","type":"annonces","link":"https:\/\/www.mycampermarket.com\/it\/annonces\/camping-car-profile-benimar-tessoro-481-ford-94013\/","title":{"rendered":"Camping-car profil\u00e9 Benimar TESSORO 481 Ford"},"content":{"rendered":"","protected":false},"excerpt":{"rendered":"","protected":false},"author":2322,"featured_media":94014,"template":"","meta":{"_seopress_titles_title":"Benimar Tessoro 481 Ford 165cv 2018 \u2013 37 000 km \u2013 36 900 \u20ac","_seopress_titles_desc":"Benimar Tessoro 481 \u2013 2018, 37 000 km, moteur Ford 165 ch neuf garanti 10 mois. 36 900 \u20ac.","_seopress_robots_index":"","_seopress_robots_follow":"","_seopress_robots_imageindex":"","_seopress_robots_snippet":"","_seopress_robots_primary_cat":"","_seopress_robots_breadcrumbs":"","_seopress_robots_freeze_modified_date":"","_seopress_robots_custom_modified_date":"","_seopress_robots_canonical":"","_seopress_social_fb_title":"","_seopress_social_fb_desc":"","_seopress_social_fb_img":"","_seopress_social_fb_img_attachment_id":0,"_seopress_social_fb_img_width":0,"_seopress_social_fb_img_height":0,"_seopress_social_twitter_title":"","_seopress_social_twitter_desc":"","_seopress_social_twitter_img":"","_seopress_social_twitter_img_attachment_id":0,"_seopress_social_twitter_img_width":0,"_seopress_social_twitter_img_height":0,"_seopress_redirections_value":"","_seopress_redirections_enabled":"","_seopress_redirections_enabled_regex":"","_seopress_redirections_logged_status":"","_seopress_redirections_param":"","_seopress_redirections_type":0,"_seopress_analysis_target_kw":"","_seopress_news_disabled":"","_seopress_video_disabled":"","_seopress_video":[],"_seopress_pro_schemas_manual":[],"_seopress_pro_rich_snippets_disable_all":"","_seopress_pro_rich_snippets_disable":[],"_seopress_pro_schemas":[],"dmedia_modele":"TESSORO 481","dmedia_modele_marque":"","dmedia_genre":"Occasion","dmedia_prix":"36900","dmedia_dev":"EUR","dmedia_kilometrage":37000,"dmedia_cylindree":0,"type_de_carburant":"Diesel","dmedia_boite-de-vitesses":"Manuelle","dmedia_motricite":"Traction avant","dmedia_puissance":"165","dmedia_imatriculation":"1530057600","dmedia_annee":2018,"dmedia_expertise":"","dmedia_longueur":5990,"dmedia_largeur":0,"dmedia_hauteur":3000,"dmedia_poid_vide":0,"dmedia_poid_total":0,"dmedia_n_place":4,"dmedia_n_couch":4,"dmedia_npa_ville":"34330 LA SALVETAT-SUR-AGOUT","dmedia_premium":7,"dmedia_site_ext":"","dmedia_video":"","dmedia_infos":"","dmedia_interlocuteur":"","dmedia_tel_contact":"","dmedia_internet":"","dmedia_dte_top":"1788391451","dmedia_dte_top_start":"","dmedia_dte_top_end":"","dmedia_dte_delete":"","dmedia_info_delete":"","dmedia_meta_des":"","dmedia_dte_pay":"","dmedia_dte_rap":"","dmedia_etape":8,"dmedia_lgs":"fr","dmedia_annonce_info_lgs":"","dmedia_annonce_info_fr":"CAMPING CAR  BENIMAR TESSORO 481 moteur sous garantie Ford 10 mois\nAnn\u00e9e 2018 - Moteur Ford 165 CV chang\u00e9 en juillet 2025 \u2013 cause pr\u00e9c\u00e9dent propri\u00e9taire pas roul\u00e9 durant 1,5 an, segmentation coll\u00e9e, moteur HS. D\u2019o\u00f9 peu de kilom\u00e9trage global \u2013 roul\u00e9 8000km. Moteur tr\u00e8s vif et puissant, consommation 9,6 l \u00e0 9,8 l, en conduite souple j\u2019arrive \u00e0 9.3 l\/100km\nTant qu\u2019il n\u2019est pas vendu nous utilisons le CC, le kilom\u00e9trage peut changer. Vente cause d\u00e9part de France prochain.\nBoite m\u00e9canique 6 vitesses - climatisation + r\u00e9gulateur de vitesses + autoradio. Nombre de places carte grise : 4 Nombre de couchages : 4 Nombre de places repas 7 - Ultra compact 5.99 m \u2013 hauteur 3 m- Passe partout \u2013 Pneus AGILIS MICHELIN \u00e9tat correct.\nGrand salon avec des si\u00e8ges cabine pivotants, coin cuisine en L avec feux de gaz et \u00e9vier, ainsi qu\u2019un grand frigo cong\u00e9lateur de 150L et micro-ondes.\n Salle de bain \u00e9quip\u00e9e cabine de douche et toilette. Cot\u00e9 nuit, un lit principal pavillon \u00e9lectrique 2 places et un lit 2 personnes am\u00e9nageable en-dessous l\u2019ensemble est confortable.\nDivers prises 230 V, 12 V et USB r\u00e9parties dans la cabine\u2022 \u00c9clairage d'ambiance LED \u2022 Housses si\u00e8ges \u2022 Pied de table \u00e9lectrique t\u00e9lescopique \u2022 Chaudi\u00e8re utilisant carburant v\u00e9hicule GO. Chauffe-eau gaz. \nA l\u2019avant toit ouvrant panoramique avec store et moustiquaire + A\u00e9ration cabine et WC avec occultants et moustiquaires.\nFen\u00eatres et porte : rideaux + occultation + moustiquaire  \nStore ext\u00e9rieur m\u00e9canique- Lumi\u00e8re ext\u00e9rieure LED- Cam\u00e9ra de recul + Panneaux solaire et 2 batterie lithium chang\u00e9 1 an.\nTV \u00e9quip\u00e9e Android tv (Antenne + partage de connexion GSM) \nAlarme volum\u00e9trique et bloque porte FIAMMA\nHousses de si\u00e8ges avant.\n2 coffres lat\u00e9raux\nSupports porte-v\u00e9los \u00e9lectrique lourds (2 v\u00e9los)\nJoints \u00e9tanch\u00e9it\u00e9 toit cellule refaits dans le cadre de l\u2019entretien pr\u00e9ventif","dmedia_annonce_info_ia":"","dmedia_galimage_public":"94014,94015,94016,94017,94018,94019,94020,94021,94022,94023,94024,94025,94026,94027,94028","dmedia_galimage":"94014,94015,94016,94017,94018,94019,94020,94021,94022,94023,94024,94025,94026,94027,94028","dmedia_opt_visibilite":2,"dmedia_opt_expo":0,"dmedia_opt_speed":0,"dmedia_opt_social":0},"type-de-vehicule":[5],"localisation":[192,37],"constructeur":[273],"marque":[58],"equipement-cellule":[24,28,27,29,30],"equipement-vehicule":[15,19,20,47,46,48,49,51,50,22,21],"type-de-lit":[1014],"type-annonces":[],"class_list":["post-94013","annonces","type-annonces","status-publish","has-post-thumbnail","hentry","type-de-vehicule-camping-car-profile","localisation-34-herault","localisation-france","constructeur-benimar","marque-ford","equipement-cellule-chauffage-au-diesel","equipement-cellule-douche","equipement-cellule-frigo","equipement-cellule-installation-solaire","equipement-cellule-wc-chimique","equipement-vehicule-abs","equipement-vehicule-airbag-cote-conducteur","equipement-vehicule-airbag-cote-passager","equipement-vehicule-camera-de-recul","equipement-vehicule-climatisation","equipement-vehicule-direction-assistee","equipement-vehicule-leve-vitre-electrique","equipement-vehicule-phares-antibrouillard","equipement-vehicule-regulateur-de-vitesse","equipement-vehicule-systeme-dalarme","equipement-vehicule-verrouillage-central","type-de-lit-lit-capucine"],"_links":{"self":[{"href":"https:\/\/www.mycampermarket.com\/it\/wp-json\/wp\/v2\/annonces\/94013","targetHints":{"allow":["GET"]}}],"collection":[{"href":"https:\/\/www.mycampermarket.com\/it\/wp-json\/wp\/v2\/annonces"}],"about":[{"href":"https:\/\/www.mycampermarket.com\/it\/wp-json\/wp\/v2\/types\/annonces"}],"author":[{"embeddable":true,"href":"https:\/\/www.mycampermarket.com\/it\/wp-json\/wp\/v2\/users\/2322"}],"wp:featuredmedia":[{"embeddable":true,"href":"https:\/\/www.mycampermarket.com\/it\/wp-json\/wp\/v2\/media\/94014"}],"wp:attachment":[{"href":"https:\/\/www.mycampermarket.com\/it\/wp-json\/wp\/v2\/media?parent=94013"}],"wp:term":[{"taxonomy":"type-de-vehicule","embeddable":true,"href":"https:\/\/www.mycampermarket.com\/it\/wp-json\/wp\/v2\/type-de-vehicule?post=94013"},{"taxonomy":"localisation","embeddable":true,"href":"https:\/\/www.mycampermarket.com\/it\/wp-json\/wp\/v2\/localisation?post=94013"},{"taxonomy":"constructeur","embeddable":true,"href":"https:\/\/www.mycampermarket.com\/it\/wp-json\/wp\/v2\/constructeur?post=94013"},{"taxonomy":"marque","embeddable":true,"href":"https:\/\/www.mycampermarket.com\/it\/wp-json\/wp\/v2\/marque?post=94013"},{"taxonomy":"equipement-cellule","embeddable":true,"href":"https:\/\/www.mycampermarket.com\/it\/wp-json\/wp\/v2\/equipement-cellule?post=94013"},{"taxonomy":"equipement-vehicule","embeddable":true,"href":"https:\/\/www.mycampermarket.com\/it\/wp-json\/wp\/v2\/equipement-vehicule?post=94013"},{"taxonomy":"type-de-lit","embeddable":true,"href":"https:\/\/www.mycampermarket.com\/it\/wp-json\/wp\/v2\/type-de-lit?post=94013"},{"taxonomy":"type-annonces","embeddable":true,"href":"https:\/\/www.mycampermarket.com\/it\/wp-json\/wp\/v2\/type-annonces?post=94013"}],"curies":[{"name":"wp","href":"https:\/\/api.w.org\/{rel}","templated":true}]}}