{"id":94029,"date":"2026-09-03T10:47:58","date_gmt":"2026-09-03T08:47:58","guid":{"rendered":"https:\/\/www.mycampermarket.com\/?post_type=annonces&#038;p=94029"},"modified":"2026-09-03T10:47:58","modified_gmt":"2026-09-03T08:47:58","slug":"camping-car-profile-challenger-260-edition-speciale-ford-94029","status":"publish","type":"annonces","link":"https:\/\/www.mycampermarket.com\/it\/annonces\/camping-car-profile-challenger-260-edition-speciale-ford-94029\/","title":{"rendered":"Camping-car profil\u00e9 Challenger 260 \u00e9dition speciale Ford"},"content":{"rendered":"","protected":false},"excerpt":{"rendered":"","protected":false},"author":2323,"featured_media":94237,"template":"","meta":{"_seopress_titles_title":"Challenger 260 \u00c9dition Sp\u00e9ciale 2025 \u2013 7 768 km \u2013 74 900 \u20ac","_seopress_titles_desc":"Challenger 260 \u00e9d. sp\u00e9ciale 2025 \u2013 7 768 km \u2013 Ford 170 ch BVA \u2013 Garanti jusqu'en 2027 \u2013 74 900 \u20ac.","_seopress_robots_index":"","_seopress_robots_follow":"","_seopress_robots_imageindex":"","_seopress_robots_snippet":"","_seopress_robots_primary_cat":"","_seopress_robots_breadcrumbs":"","_seopress_robots_freeze_modified_date":"","_seopress_robots_custom_modified_date":"","_seopress_robots_canonical":"","_seopress_social_fb_title":"","_seopress_social_fb_desc":"","_seopress_social_fb_img":"","_seopress_social_fb_img_attachment_id":0,"_seopress_social_fb_img_width":0,"_seopress_social_fb_img_height":0,"_seopress_social_twitter_title":"","_seopress_social_twitter_desc":"","_seopress_social_twitter_img":"","_seopress_social_twitter_img_attachment_id":0,"_seopress_social_twitter_img_width":0,"_seopress_social_twitter_img_height":0,"_seopress_redirections_value":"","_seopress_redirections_enabled":"","_seopress_redirections_enabled_regex":"","_seopress_redirections_logged_status":"","_seopress_redirections_param":"","_seopress_redirections_type":0,"_seopress_analysis_target_kw":"","_seopress_news_disabled":"","_seopress_video_disabled":"","_seopress_video":[],"_seopress_pro_schemas_manual":[],"_seopress_pro_rich_snippets_disable_all":"","_seopress_pro_rich_snippets_disable":[],"_seopress_pro_schemas":[],"dmedia_modele":"260 \u00e9dition speciale","dmedia_modele_marque":"","dmedia_genre":"Occasion","dmedia_prix":"74900","dmedia_dev":"EUR","dmedia_kilometrage":7850,"dmedia_cylindree":0,"type_de_carburant":"Diesel","dmedia_boite-de-vitesses":"Automatique","dmedia_motricite":"Traction avant","dmedia_puissance":"170","dmedia_imatriculation":"1754611200","dmedia_annee":2025,"dmedia_expertise":"1880841600","dmedia_longueur":699,"dmedia_largeur":285,"dmedia_hauteur":298,"dmedia_poid_vide":0,"dmedia_poid_total":0,"dmedia_n_place":4,"dmedia_n_couch":4,"dmedia_npa_ville":"77350 Le mee sur seine","dmedia_premium":7,"dmedia_site_ext":"","dmedia_video":"","dmedia_infos":"","dmedia_interlocuteur":"","dmedia_tel_contact":"","dmedia_internet":"","dmedia_dte_top":"1789037278","dmedia_dte_top_start":"1788432478","dmedia_dte_top_end":"1789037278","dmedia_dte_delete":"","dmedia_info_delete":"","dmedia_meta_des":"","dmedia_dte_pay":"","dmedia_dte_rap":"","dmedia_etape":8,"dmedia_lgs":"fr","dmedia_annonce_info_lgs":"","dmedia_annonce_info_fr":"\ud83d\ude90 CAMPING-CAR CHALLENGER 260 \u00c9DITION SP\u00c9CIALE \u2013 2025 \u2013 7 768 KM \u2013 170 CH BVA \ud83c\udfd5\ufe0f PR\u00caT \u00c0 PARTIR \u2013 TR\u00c8S BIEN \u00c9QUIP\u00c9 \u2013 GARANTIE CONSTRUCTEUR JUSQU EN AOUT 2027 - 7 ANS DE GARANTIE ETANCHEITE - Il est tout \u00e9quip\u00e9 en mat\u00e9riel et vaisselle\n\nRien \u00e0 acheter tout est d\u00e9j\u00e0 dedans; \ud83d\ude90 CARACT\u00c9RISTIQUES\n\u2022\tAnn\u00e9e : 2025\n\u2022\tKilom\u00e9trage : 7 768 km\n\u2022\tFord Transit \u2013 170 ch\n\u2022\tBo\u00eete automatique 8 rapports\n\u2022\tGarantie constructeur : 1 an jusqu\u2019au 7 ao\u00fbt 2027\n\u2022\tGarantie \u00e9tanch\u00e9it\u00e9 pendant 7 ans\n\u2022\tAlarme\n\u2022\tR\u00e9gulateur \u2013 limitateur de vitesse\n\u2022\tLongueur : 6m99\n\u2022\tHauteur 2m92\n\ud83d\udecf\ufe0f CONFORT &amp; COUCHAGES\n\u2022\tLit pavillon \u00e9lectrique 160 \u00d7 193 cm ce qui fait un grand espace\n\u2022\tLit d'appoint 2 places\n\u2022\tDouche s\u00e9par\u00e9e\n\u2022\tGrand r\u00e9frig\u00e9rateur ave partie cong\u00e9lateur 167 litres \u2013 syst\u00e8me trimixte automatique gaz-12V et 220V\n\u2022\tClimatisation automatique cabine\n\u2744\ufe0f \u00c9QUIPEMENTS GRAND FROID\n\u2022\tPack arctique Grand Froid\n\u2022\tSol chauffant\n\u2022\tChauffage carburant \/ gaz\n\u2022\tR\u00e9servoir isol\u00e9 et chauff\u00e9\nUn \u00e9quipement particuli\u00e8rement appr\u00e9ciable pour profiter du camping-car \u00e9galement en dehors de la pleine saison.\n\ud83e\uddf3 EXT\u00c9RIEUR &amp; RANGEMENT\n\u2022\tGrande soute traversante, accessible des deux c\u00f4t\u00e9s\n\u2022\tStore banne\n\u2022\tJantes aluminium\n\u2022\tPanneau photovolta\u00efque\n\u2022\tCam\u00e9ra de recul\n\u2022\tTable ext\u00e9rieure + 2 chaises et 2 fauteuils pliants\n\u2022\tBarbecue \u00e0 gaz\n\u2022\t2 cales\n\u2022\t4 gilets orange \n\u2022\tChaines pneus\n\u2022\tDouchette ext\u00e9rieure\n________________________________________\n\ud83c\udf81 NOMBREUX \u00c9QUIPEMENTS ET ACCESSOIRES INCLUS\nLe camping-car est vendu avec de nombreux accessoires permettant de partir directement en vacances sans avoir \u00e0 pr\u00e9voir un budget suppl\u00e9mentaire important.\n\u26a1 \u00c9lectricit\u00e9\n\u2022\tTout le mat\u00e9riel \u00e9lectrique et branchements n\u00e9cessaires\n\ud83d\udca7 Eau\n\u2022\tTout le mat\u00e9riel pour les branchements et l'utilisation de l'eau\n\ud83c\udf7d\ufe0f Cuisine\n\u2022\tVaisselle compl\u00e8te : assiettes, bols, verres, couverts\n\u2022\tSpatules\n\u2022\t\u00c9cumoire\n\u2022\tR\u00e2pe \u00e0 l\u00e9gumes\n\u2022\tCafeti\u00e8re\n\u2022\tCasseroles\n\u2022\tPo\u00eales\n\u2022\tEgouttoir pliable\n\u2022\tDivers ustensiles de cuisine \n\ud83c\udfd5\ufe0f Camping &amp; voyage\n\u2022\tceintres\n\u2022\t\u00c9tendoir \u00e0 linge\n\u2022\tBouteille de gaz avec consigne\n\u2022\tMini aspirateur\n\ud83d\udef4 BONUS\nDraisienne WegoBoard neuve \u2013 0 km\n________________________________________\n\u2b50 UN CAMPING-CAR COMPLET ET PR\u00caT \u00c0 PARTIR\nV\u00e9hicule r\u00e9cent, peu kilom\u00e9tr\u00e9 et tr\u00e8s bien \u00e9quip\u00e9, vendu avec l'ensemble des accessoires permettant de profiter imm\u00e9diatement de ses vacances.\nId\u00e9al pour un couple ou une famille souhaitant disposer d'un camping-car confortable, moderne et polyvalent, sans avoir \u00e0 acheter tout l'\u00e9quipement s\u00e9par\u00e9ment.\n\ud83d\udccd Visible sur rendez-vous.\nPrix : 74 900 \u20ac\nPremier contact s\u00e9rieux par message. Visite possible sur rendez-vous.","dmedia_annonce_info_ia":"","dmedia_galimage_public":"94237,94239,94240,94238,94242,94241,94247,94246,94244,94245,94243,94248,94251,94249,94250,94252,94253,94255,94254","dmedia_galimage":"94237,94239,94240,94238,94242,94241,94247,94246,94244,94245,94243,94248,94251,94249,94250,94252,94253,94255,94254","dmedia_opt_visibilite":2,"dmedia_opt_expo":2,"dmedia_opt_speed":2,"dmedia_opt_social":2},"type-de-vehicule":[5],"localisation":[213,37],"constructeur":[278],"marque":[58],"equipement-cellule":[24,23,25,28,27,29,30],"equipement-vehicule":[15,17,19,20,47,46,48,49,51,50,22,21],"type-de-lit":[1009],"type-annonces":[],"class_list":["post-94029","annonces","type-annonces","status-publish","has-post-thumbnail","hentry","type-de-vehicule-camping-car-profile","localisation-77-seine-et-marne","localisation-france","constructeur-challenger","marque-ford","equipement-cellule-chauffage-au-diesel","equipement-cellule-chauffage-au-gaz","equipement-cellule-cuisiniere-a-gaz","equipement-cellule-douche","equipement-cellule-frigo","equipement-cellule-installation-solaire","equipement-cellule-wc-chimique","equipement-vehicule-abs","equipement-vehicule-aide-au-parcage","equipement-vehicule-airbag-cote-conducteur","equipement-vehicule-airbag-cote-passager","equipement-vehicule-camera-de-recul","equipement-vehicule-climatisation","equipement-vehicule-direction-assistee","equipement-vehicule-leve-vitre-electrique","equipement-vehicule-phares-antibrouillard","equipement-vehicule-regulateur-de-vitesse","equipement-vehicule-systeme-dalarme","equipement-vehicule-verrouillage-central","type-de-lit-lit-central"],"_links":{"self":[{"href":"https:\/\/www.mycampermarket.com\/it\/wp-json\/wp\/v2\/annonces\/94029","targetHints":{"allow":["GET"]}}],"collection":[{"href":"https:\/\/www.mycampermarket.com\/it\/wp-json\/wp\/v2\/annonces"}],"about":[{"href":"https:\/\/www.mycampermarket.com\/it\/wp-json\/wp\/v2\/types\/annonces"}],"author":[{"embeddable":true,"href":"https:\/\/www.mycampermarket.com\/it\/wp-json\/wp\/v2\/users\/2323"}],"wp:featuredmedia":[{"embeddable":true,"href":"https:\/\/www.mycampermarket.com\/it\/wp-json\/wp\/v2\/media\/94237"}],"wp:attachment":[{"href":"https:\/\/www.mycampermarket.com\/it\/wp-json\/wp\/v2\/media?parent=94029"}],"wp:term":[{"taxonomy":"type-de-vehicule","embeddable":true,"href":"https:\/\/www.mycampermarket.com\/it\/wp-json\/wp\/v2\/type-de-vehicule?post=94029"},{"taxonomy":"localisation","embeddable":true,"href":"https:\/\/www.mycampermarket.com\/it\/wp-json\/wp\/v2\/localisation?post=94029"},{"taxonomy":"constructeur","embeddable":true,"href":"https:\/\/www.mycampermarket.com\/it\/wp-json\/wp\/v2\/constructeur?post=94029"},{"taxonomy":"marque","embeddable":true,"href":"https:\/\/www.mycampermarket.com\/it\/wp-json\/wp\/v2\/marque?post=94029"},{"taxonomy":"equipement-cellule","embeddable":true,"href":"https:\/\/www.mycampermarket.com\/it\/wp-json\/wp\/v2\/equipement-cellule?post=94029"},{"taxonomy":"equipement-vehicule","embeddable":true,"href":"https:\/\/www.mycampermarket.com\/it\/wp-json\/wp\/v2\/equipement-vehicule?post=94029"},{"taxonomy":"type-de-lit","embeddable":true,"href":"https:\/\/www.mycampermarket.com\/it\/wp-json\/wp\/v2\/type-de-lit?post=94029"},{"taxonomy":"type-annonces","embeddable":true,"href":"https:\/\/www.mycampermarket.com\/it\/wp-json\/wp\/v2\/type-annonces?post=94029"}],"curies":[{"name":"wp","href":"https:\/\/api.w.org\/{rel}","templated":true}]}}